{"id":725,"date":"2018-03-02T10:22:32","date_gmt":"2018-03-02T09:22:32","guid":{"rendered":"https:\/\/www.hotelfloracomano.it\/homepage\/"},"modified":"2022-12-28T09:11:54","modified_gmt":"2022-12-28T08:11:54","slug":"homepage","status":"publish","type":"page","link":"https:\/\/hotelfloracomano.it\/de\/","title":{"rendered":"Homepage"},"content":{"rendered":"<p>[vc_section][vc_row][vc_column]\n\t\t\t<!-- START vhfhomede REVOLUTION SLIDER 6.6.7 --><p class=\"rs-p-wp-fix\"><\/p>\n\t\t\t<rs-module-wrap id=\"rev_slider_3_1_wrapper\" data-source=\"gallery\" style=\"visibility:hidden;background:transparent;padding:0;\">\n\t\t\t\t<rs-module id=\"rev_slider_3_1\" style=\"\" data-version=\"6.6.7\">\n\t\t\t\t\t<rs-slides style=\"overflow: hidden; position: absolute;\">\n\t\t\t\t\t\t<rs-slide style=\"position: absolute;\" data-key=\"rs-5\" data-title=\"Slide\" data-thumb=\"\/\/hotelfloracomano.paissangroup.com\/wp-content\/uploads\/2018\/06\/h.vital_.tn_.18-0525_1920x1280.jpg\" data-anim=\"adpr:false;\">\n\t\t\t\t\t\t\t<img src=\"\/\/hotelfloracomano.it\/wp-content\/plugins\/revslider\/public\/assets\/assets\/dummy.png\" alt=\"\" title=\"Homepage\" class=\"rev-slidebg tp-rs-img rs-lazyload\" data-lazyload=\"\/\/hotelfloracomano.paissangroup.com\/wp-content\/uploads\/2018\/06\/h.vital_.tn_.18-0525_1920x1280.jpg\" data-parallax=\"off\" data-no-retina>\n<!---->\t\t\t\t\t\t<\/rs-slide>\n\t\t\t\t\t\t<rs-slide style=\"position: absolute;\" data-key=\"rs-6\" data-title=\"Slide\" data-thumb=\"\/\/hotelfloracomano.paissangroup.com\/wp-content\/uploads\/2020\/06\/Hotel-Comano-Trentino-17.jpg\" data-anim=\"adpr:false;\">\n\t\t\t\t\t\t\t<img src=\"\/\/hotelfloracomano.it\/wp-content\/plugins\/revslider\/public\/assets\/assets\/dummy.png\" alt=\"\" title=\"Homepage\" class=\"rev-slidebg tp-rs-img rs-lazyload\" data-lazyload=\"\/\/hotelfloracomano.paissangroup.com\/wp-content\/uploads\/2020\/06\/Hotel-Comano-Trentino-17.jpg\" data-parallax=\"off\" data-no-retina>\n<!---->\t\t\t\t\t\t<\/rs-slide>\n\t\t\t\t\t\t<rs-slide style=\"position: absolute;\" data-key=\"rs-10\" data-title=\"Slide\" data-thumb=\"\/\/hotelfloracomano.paissangroup.com\/wp-content\/uploads\/2018\/06\/h.vital_.tn_.18-0421_1920x1280.jpg\" data-anim=\"adpr:false;\">\n\t\t\t\t\t\t\t<img src=\"\/\/hotelfloracomano.it\/wp-content\/plugins\/revslider\/public\/assets\/assets\/dummy.png\" alt=\"\" title=\"Homepage\" class=\"rev-slidebg tp-rs-img rs-lazyload\" data-lazyload=\"\/\/hotelfloracomano.paissangroup.com\/wp-content\/uploads\/2018\/06\/h.vital_.tn_.18-0421_1920x1280.jpg\" data-parallax=\"off\" data-no-retina>\n<!---->\t\t\t\t\t\t<\/rs-slide>\n\t\t\t\t\t<\/rs-slides>\n\t\t\t\t<\/rs-module>\n\t\t\t\t<script>\n\t\t\t\t\tsetREVStartSize({c: 'rev_slider_3_1',rl:[1240,1024,778,480],el:[],gw:[1920,1024,778,480],gh:[1080,768,960,720],type:'standard',justify:'',layout:'fullscreen',offsetContainer:'#header',offset:'',mh:\"0\"});if (window.RS_MODULES!==undefined && window.RS_MODULES.modules!==undefined && window.RS_MODULES.modules[\"revslider31\"]!==undefined) {window.RS_MODULES.modules[\"revslider31\"].once = false;window.revapi3 = undefined;if (window.RS_MODULES.checkMinimal!==undefined) window.RS_MODULES.checkMinimal()}\n\t\t\t\t<\/script>\n\t\t\t<\/rs-module-wrap>\n\t\t\t<!-- END REVOLUTION SLIDER -->\n[\/vc_column][\/vc_row][vc_row css=&#8220;.vc_custom_1520327050710{margin-bottom: 30px !important;}&#8220;][vc_column][vc_column_text]<\/p>\n<h2 class=\"vhf-titolo\">Warum sollte man den Urlaub im Vital Hotel Flora verbringen?<\/h2>\n<p>[\/vc_column_text][vc_column_text el_class=&#8220;centrato&#8220;]Wir haben uns eine Philosophie zu eigen gemacht und schlagen daher einen Stil f\u00fcr Ihren Urlaub vor, bei dem sich alles um Wellness dreht. Hier genie\u00dfen Sie gesunde K\u00fcche und Spazierg\u00e4nge im Freien; Sie entdecken die Brentner Dolomiten und die Naturparks vor Ort, finden Erholung in einer einladenden und ruhigen Umgebung und Momente der Entspannung im Wellness- und Spa-Bereich. Als unser Gast k\u00f6nnen Sie v\u00f6llig in die Vital-Welt eintauchen.<\/p>\n<p>Unser 4-Sterne-Hotel in Comano Terme bietet qualitativ hochwertigen Service zu ganz speziellen Preisen, denn wir wollen Ihren Urlaub unvergesslich machen.<\/p>\n<p>Wir laden Sie auch ein, sich unsere einfachen Empfehlungen zu eigen zu machen, damit das pure Wohlbefinden zur Hauptsache im t\u00e4glichen Leben wird.[\/vc_column_text][\/vc_column][\/vc_row][\/vc_section][vc_row full_width=&#8220;stretch_row_content&#8220; css=&#8220;.vc_custom_1520590406866{padding-top: 80px !important;padding-bottom: 80px !important;background-image: url(https:\/\/www.hotelfloracomano.it\/wp-content\/uploads\/2018\/03\/prenotazione.jpg?id=108) !important;background-position: center !important;background-repeat: no-repeat !important;background-size: cover !important;}&#8220; el_id=&#8220;prenotazione&#8220;][vc_column][vc_column_text]<\/p>\n<h2 class=\"vhf-titolo-bianco testo-bianco\">Willkommen und Sicherheit<\/h2>\n<p class=\"centrato testo-bianco vhf-evidenza\">Wir haben eine Informationsseite erstellt, um die von unserem Hotel ergriffenen Sicherheits- und Hygienema\u00dfnahmen zu kommunizieren.<br \/>\nWir freuen uns auf Sie. Bis bald.<\/p>\n<p>[\/vc_column_text][vc_btn title=&#8220;Mehr Info&#8220; style=&#8220;flat&#8220; shape=&#8220;square&#8220; color=&#8220;pink&#8220; align=&#8220;center&#8220; link=&#8220;url:https%3A%2F%2Fwww.hotelfloracomano.it%2Fde%2Fsicherer-urlaub%2F|||&#8220;][\/vc_column][\/vc_row][vc_section full_width=&#8220;stretch_row_content&#8220; css=&#8220;.vc_custom_1520410366899{margin-top: 50px !important;margin-bottom: 50px !important;border-top-width: 10px !important;border-bottom-width: 10px !important;border-top-color: #3d2a62 !important;border-top-style: solid !important;border-bottom-color: #3d2a62 !important;border-bottom-style: solid !important;}&#8220;][vc_row equal_height=&#8220;yes&#8220;][vc_column width=&#8220;1\/2&#8243; css=&#8220;.vc_custom_1641987620948{background-image: url(https:\/\/hotelfloracomano.it\/wp-content\/uploads\/2018\/06\/h.vital_.tn_.18-0421_1200x800@2x.jpg?id=2459) !important;background-position: center !important;background-repeat: no-repeat !important;background-size: cover !important;}&#8220; el_class=&#8220;vhf-fasce&#8220;][\/vc_column][vc_column width=&#8220;1\/4&#8243; css=&#8220;.vc_custom_1521563738863{padding-top: 30px !important;padding-bottom: 30px !important;}&#8220; el_class=&#8220;vhf-dati&#8220;][vc_column_text el_class=&#8220;vhf-fascia-centro&#8220;]<\/p>\n<h2 class=\"vhf-titolo\"><a href=\"https:\/\/www.hotelfloracomano.it\/de\/motivationen-fuer-den-urlaub\/\">DEN STANDORT W\u00c4HLEN<\/a><\/h2>\n<p class=\"aligncenter\">Das Hotel liegt umgeben von Gr\u00fcn mitten im Valle Salus und ist der ideale Ausgangspunkt f\u00fcr Entdeckungsreisen in die wundervollen Dolomiten und an den Gardasee.<\/p>\n<p>[\/vc_column_text][\/vc_column][vc_column width=&#8220;1\/4&#8243; css=&#8220;.vc_custom_1529961536376{background-image: url(https:\/\/www.hotelfloracomano.it\/wp-content\/uploads\/2018\/03\/strategica_01.jpg?id=27) !important;background-position: center !important;background-repeat: no-repeat !important;background-size: cover !important;}&#8220; offset=&#8220;vc_hidden-sm vc_hidden-xs&#8220; el_class=&#8220;vhf-fasce&#8220;][\/vc_column][\/vc_row][vc_row equal_height=&#8220;yes&#8220;][vc_column width=&#8220;1\/4&#8243; css=&#8220;.vc_custom_1529961564874{background-image: url(https:\/\/www.hotelfloracomano.it\/wp-content\/uploads\/2018\/06\/h.vital_.tn_.18-0992_1200x800@2x.jpg?id=1168) !important;background-position: center !important;background-repeat: no-repeat !important;background-size: cover !important;}&#8220; el_class=&#8220;vhf-fasce&#8220;][\/vc_column][vc_column width=&#8220;1\/4&#8243; el_class=&#8220;vhf-dati&#8220;][vc_column_text el_class=&#8220;vhf-fascia-centro&#8220;]<\/p>\n<h2 class=\"vhf-titolo\"><a href=\"https:\/\/www.hotelfloracomano.it\/de\/natur-und-umgebung\/\">DIE NATUR W\u00c4HLEN<\/a><\/h2>\n<p class=\"aligncenter\">Das Trentino und Comano Terme sind die idealen Reiseziele f\u00fcr alle, die einen faszinierenden Urlaub in einer Naturkulisse von unbestrittenem Charme verbringen m\u00f6chten.<\/p>\n<p>[\/vc_column_text][\/vc_column][vc_column width=&#8220;1\/2&#8243; css=&#8220;.vc_custom_1521564399033{background-image: url(https:\/\/www.hotelfloracomano.it\/wp-content\/uploads\/2018\/03\/natura_02.jpg?id=47) !important;background-position: center !important;background-repeat: no-repeat !important;background-size: cover !important;}&#8220; el_class=&#8220;vhf-fasce&#8220; offset=&#8220;vc_hidden-sm vc_hidden-xs&#8220;][\/vc_column][\/vc_row][vc_row equal_height=&#8220;yes&#8220;][vc_column width=&#8220;1\/2&#8243; css=&#8220;.vc_custom_1530026691930{background-image: url(https:\/\/www.hotelfloracomano.it\/wp-content\/uploads\/2018\/06\/h.vital_.tn_.18-0659_800x533.jpg?id=1197) !important;background-position: center !important;background-repeat: no-repeat !important;background-size: cover !important;}&#8220; el_class=&#8220;vhf-fasce&#8220;][\/vc_column][vc_column width=&#8220;1\/4&#8243; css=&#8220;.vc_custom_1521563999951{padding-top: 30px !important;padding-bottom: 30px !important;}&#8220; el_class=&#8220;vhf-dati&#8220;][vc_column_text el_class=&#8220;vhf-fascia-centro&#8220;]<\/p>\n<h2 class=\"vhf-titolo\"><a href=\"https:\/\/www.hotelfloracomano.it\/de\/restaurant\/\">DEN GESCHMACK W\u00c4HLEN<\/a><\/h2>\n<p class=\"aligncenter\">Im Restaurant des Hotels werden ortstypische Produkte verwendet, die gesund und unverf\u00e4lscht sind, und schmackhafte, vitale Gerichte daraus zubereitet, damit sie zu Ihrem Wohlbefinden beitragen.<\/p>\n<p>[\/vc_column_text][\/vc_column][vc_column width=&#8220;1\/4&#8243; css=&#8220;.vc_custom_1529945340127{background-image: url(https:\/\/www.hotelfloracomano.it\/wp-content\/uploads\/2018\/06\/h.vital_.tn_.18-0565_400x400.jpg?id=1110) !important;background-position: center !important;background-repeat: no-repeat !important;background-size: cover !important;}&#8220; offset=&#8220;vc_hidden-sm vc_hidden-xs&#8220; el_class=&#8220;vhf-fascia-sfondo vhf-fasce&#8220;][\/vc_column][\/vc_row][vc_row equal_height=&#8220;yes&#8220;][vc_column width=&#8220;1\/4&#8243; css=&#8220;.vc_custom_1521564017558{background-image: url(https:\/\/www.hotelfloracomano.it\/wp-content\/uploads\/2018\/03\/benessere_01.jpg?id=58) !important;background-position: center !important;background-repeat: no-repeat !important;background-size: cover !important;}&#8220; el_class=&#8220;vhf-fascia-sfondo vhf-fasce&#8220;][\/vc_column][vc_column width=&#8220;1\/4&#8243; el_class=&#8220;vhf-dati&#8220;][vc_column_text el_class=&#8220;vhf-fascia-centro&#8220;]<\/p>\n<h2 class=\"vhf-titolo\"><a href=\"https:\/\/www.hotelfloracomano.it\/de\/spa\/\">DAS WOHLBEFINDEN W\u00c4HLEN<\/a><\/h2>\n<p class=\"aligncenter\">Tauchen Sie ein in die warme Atmosph\u00e4re des Vital-Spa mit finnischer Sauna und t\u00fcrkischem Bad und springen Sie in das herrliche Au\u00dfenbecken mit Whirlpool.<\/p>\n<p>[\/vc_column_text][\/vc_column][vc_column width=&#8220;1\/2&#8243; css=&#8220;.vc_custom_1529961581393{background-image: url(https:\/\/www.hotelfloracomano.it\/wp-content\/uploads\/2018\/06\/h.vital_.tn_.18-1162_1200x800@2x.jpg?id=1166) !important;background-position: center !important;background-repeat: no-repeat !important;background-size: cover !important;}&#8220; el_class=&#8220;vhf-fascia-sfondo vhf-fasce&#8220; offset=&#8220;vc_hidden-sm vc_hidden-xs&#8220;][\/vc_column][\/vc_row][vc_row equal_height=&#8220;yes&#8220;][vc_column width=&#8220;1\/2&#8243; css=&#8220;.vc_custom_1529961597726{background-image: url(https:\/\/www.hotelfloracomano.it\/wp-content\/uploads\/2018\/06\/h.vital_.tn_.18-0957_1200x800@2x.jpg?id=1162) !important;background-position: center !important;background-repeat: no-repeat !important;background-size: cover !important;}&#8220; el_class=&#8220;vhf-fascia-sfondo vhf-fasce&#8220;][\/vc_column][vc_column width=&#8220;1\/4&#8243; css=&#8220;.vc_custom_1521564055107{padding-top: 30px !important;padding-bottom: 30px !important;}&#8220; el_class=&#8220;vhf-dati&#8220;][vc_column_text el_class=&#8220;vhf-fascia-centro&#8220;]<\/p>\n<h2 class=\"vhf-titolo\"><a href=\"https:\/\/www.hotelfloracomano.it\/de\/zimmer-und-suiten\/\">DEN KOMFORT W\u00c4HLEN<\/a><\/h2>\n<p class=\"aligncenter\">Unsere ger\u00e4umigen Zimmer und Suiten tragen den Anspr\u00fcchen des Gastes Rechnung, der sich die Philosophie Vital zu eigen gemacht hat. Sie sind mit Service und Komfort ausgestattet und machen Ihren Urlaub zu etwas Besonderem.<\/p>\n<p>[\/vc_column_text][\/vc_column][vc_column width=&#8220;1\/4&#8243; css=&#8220;.vc_custom_1529961609584{background-image: url(https:\/\/www.hotelfloracomano.it\/wp-content\/uploads\/2018\/06\/h.vital_.tn_.18-1073_1200x800@2x.jpg?id=1164) !important;background-position: center !important;background-repeat: no-repeat !important;background-size: cover !important;}&#8220; offset=&#8220;vc_hidden-sm vc_hidden-xs&#8220; el_class=&#8220;vhf-fasce vhf-fascia-sfondo&#8220;][\/vc_column][\/vc_row][\/vc_section][vc_row full_width=&#8220;stretch_row_content_no_spaces&#8220; css=&#8220;.vc_custom_1520525485284{margin-top: 30px !important;margin-bottom: 30px !important;}&#8220;][vc_column][vc_column_text]<\/p>\n<h2 class=\"vhf-titolo\">Foto &amp; Video-Galerie<\/h2>\n<p>[\/vc_column_text][vc_media_grid element_width=&#8220;3&#8243; gap=&#8220;0&#8243; item=&#8220;99&#8243; initial_loading_animation=&#8220;none&#8220; grid_id=&#8220;vc_gid:1641987584498-63e3379a-f05d-0&#8243; include=&#8220;2395,2311,2349,2469&#8243; css=&#8220;.vc_custom_1591904814760{margin-top: 20px !important;margin-bottom: 20px !important;}&#8220;][\/vc_column][\/vc_row][vc_row full_width=&#8220;stretch_row&#8220; css=&#8220;.vc_custom_1521046236711{margin-bottom: 30px !important;}&#8220; el_class=&#8220;.bg_offerte&#8220;][vc_column][vc_column_text]<\/p>\n<h2 class=\"vhf-titolo\">Angebote<\/h2>\n<p>[\/vc_column_text][vc_column_text]        <div class=\"wcp-carousel-main-wrap\">\n        <section class=\"wcp-slick\"  data-accessibility = on data-autoplay = on data-autoplaySpeed = 3000 data-slidesToShow = 2 data-slidesToShowtab = 2 data-slidesToShowmob = 1 data-speed = 1000 data-margin = 30px data-arrows = on id=\"carousel-911\">\n\n                            <div class=\"slick-slide carousel-item-1255\">\n                    <div class=\"post-style-2 rpc-bg rpc-box\">\n    <div class=\"wcp-img-wrap\">\n        <a href=\"https:\/\/hotelfloracomano.it\/de\/offerte\/romantisches-neues-jahr\/\">\n            <div class=\"fixed-height-image\"><img width=\"370\" height=\"300\" src=\"https:\/\/hotelfloracomano.it\/wp-content\/uploads\/2018\/06\/h.vital_.tn_.18-0323_1920x1280-370x300.jpg\" class=\"attachment-370x300 size-370x300 wp-post-image\" alt=\"\" decoding=\"async\" loading=\"lazy\" srcset=\"https:\/\/hotelfloracomano.it\/wp-content\/uploads\/2018\/06\/h.vital_.tn_.18-0323_1920x1280-370x300.jpg 370w, https:\/\/hotelfloracomano.it\/wp-content\/uploads\/2018\/06\/h.vital_.tn_.18-0323_1920x1280-270x220.jpg 270w\" sizes=\"(max-width: 370px) 100vw, 370px\" \/><\/div>        <\/a>\n    <\/div>\n    <div class=\"wcp-content-wrap\">\n        <h3>\n            <a class=\"rpc-title\" href=\"https:\/\/hotelfloracomano.it\/de\/offerte\/romantisches-neues-jahr\/\" target=\"_self\" class=\"rpc-title\">\n                ROMANTISCHES NEUES JAHR            <\/a>\n        <\/h3>\n                <div class=\"wcp-post-contents rpc-content\">\n\n            Eingeweiht im Jahr 2022, umgeben von einer romantischen und entspannten Atmosph\u00e4re. Funkelnde Weihnachtsdekorationen, die faszinierenden Weinhachtsm\u00e4rkte des Trentino, verw\u00f6hnende und&hellip;\n                            <br>\n                <a href=\"https:\/\/hotelfloracomano.it\/de\/offerte\/romantisches-neues-jahr\/\" target=\"_self\" class=\"vhf-btn\">Mehr \u00bb<\/a>\n        \n        <\/div>        \n    <\/div>\n<\/div>                <\/div>    \n\n                            <div class=\"slick-slide carousel-item-1473\">\n                    <div class=\"post-style-2 rpc-bg rpc-box\">\n    <div class=\"wcp-img-wrap\">\n        <a href=\"https:\/\/hotelfloracomano.it\/de\/offerte\/glueckliche-weihnachten\/\">\n            <div class=\"fixed-height-image\"><img width=\"370\" height=\"300\" src=\"https:\/\/hotelfloracomano.it\/wp-content\/uploads\/2018\/11\/050h.vital_.tn_.18-0714-370x300.jpg\" class=\"attachment-370x300 size-370x300 wp-post-image\" alt=\"\" decoding=\"async\" loading=\"lazy\" srcset=\"https:\/\/hotelfloracomano.it\/wp-content\/uploads\/2018\/11\/050h.vital_.tn_.18-0714-370x300.jpg 370w, https:\/\/hotelfloracomano.it\/wp-content\/uploads\/2018\/11\/050h.vital_.tn_.18-0714-270x220.jpg 270w\" sizes=\"(max-width: 370px) 100vw, 370px\" \/><\/div>        <\/a>\n    <\/div>\n    <div class=\"wcp-content-wrap\">\n        <h3>\n            <a class=\"rpc-title\" href=\"https:\/\/hotelfloracomano.it\/de\/offerte\/glueckliche-weihnachten\/\" target=\"_self\" class=\"rpc-title\">\n                GL\u00dcCKLICHE WEIHNACHTEN            <\/a>\n        <\/h3>\n                <div class=\"wcp-post-contents rpc-content\">\n\n            Nutzen Sie die einmalige Gelegenheit, um in der Weihnachtszeit einen Wellnessaufenthalt im Trentino zu verbringen. Wir garantieren maximale Entspannung. 256&hellip;\n                            <br>\n                <a href=\"https:\/\/hotelfloracomano.it\/de\/offerte\/glueckliche-weihnachten\/\" target=\"_self\" class=\"vhf-btn\">Mehr \u00bb<\/a>\n        \n        <\/div>        \n    <\/div>\n<\/div>                <\/div>    \n\n                            <div class=\"slick-slide carousel-item-1268\">\n                    <div class=\"post-style-2 rpc-bg rpc-box\">\n    <div class=\"wcp-img-wrap\">\n        <a href=\"https:\/\/hotelfloracomano.it\/de\/offerte\/wochenende-im-geschmack\/\">\n            <div class=\"fixed-height-image\"><img width=\"370\" height=\"300\" src=\"https:\/\/hotelfloracomano.it\/wp-content\/uploads\/2018\/10\/Ciuiga__Foto-19-370x300.jpg\" class=\"attachment-370x300 size-370x300 wp-post-image\" alt=\"\" decoding=\"async\" loading=\"lazy\" srcset=\"https:\/\/hotelfloracomano.it\/wp-content\/uploads\/2018\/10\/Ciuiga__Foto-19-370x300.jpg 370w, https:\/\/hotelfloracomano.it\/wp-content\/uploads\/2018\/10\/Ciuiga__Foto-19-270x220.jpg 270w\" sizes=\"(max-width: 370px) 100vw, 370px\" \/><\/div>        <\/a>\n    <\/div>\n    <div class=\"wcp-content-wrap\">\n        <h3>\n            <a class=\"rpc-title\" href=\"https:\/\/hotelfloracomano.it\/de\/offerte\/wochenende-im-geschmack\/\" target=\"_self\" class=\"rpc-title\">\n                WOCHENENDE IM GESCHMACK            <\/a>\n        <\/h3>\n                <div class=\"wcp-post-contents rpc-content\">\n\n            Das Festival der Ciu\u00ecga m\u00f6chte den unverwechselbaren Geschmack der typischen Salami von San Lorenzo in Banale feiern. Buchen Sie Ihren&hellip;\n                            <br>\n                <a href=\"https:\/\/hotelfloracomano.it\/de\/offerte\/wochenende-im-geschmack\/\" target=\"_self\" class=\"vhf-btn\">Mehr \u00bb<\/a>\n        \n        <\/div>        \n    <\/div>\n<\/div>                <\/div>    \n\n                            <div class=\"slick-slide carousel-item-1106\">\n                    <div class=\"post-style-2 rpc-bg rpc-box\">\n    <div class=\"wcp-img-wrap\">\n        <a href=\"https:\/\/hotelfloracomano.it\/de\/offerte\/wir-rabatten-sie-ihr-alter\/\">\n            <div class=\"fixed-height-image\"><img width=\"370\" height=\"300\" src=\"https:\/\/hotelfloracomano.it\/wp-content\/uploads\/2018\/11\/050h.vital_.tn_.18-0714-370x300.jpg\" class=\"attachment-370x300 size-370x300 wp-post-image\" alt=\"\" decoding=\"async\" loading=\"lazy\" srcset=\"https:\/\/hotelfloracomano.it\/wp-content\/uploads\/2018\/11\/050h.vital_.tn_.18-0714-370x300.jpg 370w, https:\/\/hotelfloracomano.it\/wp-content\/uploads\/2018\/11\/050h.vital_.tn_.18-0714-270x220.jpg 270w\" sizes=\"(max-width: 370px) 100vw, 370px\" \/><\/div>        <\/a>\n    <\/div>\n    <div class=\"wcp-content-wrap\">\n        <h3>\n            <a class=\"rpc-title\" href=\"https:\/\/hotelfloracomano.it\/de\/offerte\/wir-rabatten-sie-ihr-alter\/\" target=\"_self\" class=\"rpc-title\">\n                WIR RABATTEN SIE IHR ALTER!            <\/a>\n        <\/h3>\n                <div class=\"wcp-post-contents rpc-content\">\n\n            Wer hat gesagt, dass das Alter nicht z\u00e4hlt? Bei Vital Hotel Flora z\u00e4hlt es und wie! Bei einem Mindestaufenthalt von&hellip;\n                            <br>\n                <a href=\"https:\/\/hotelfloracomano.it\/de\/offerte\/wir-rabatten-sie-ihr-alter\/\" target=\"_self\" class=\"vhf-btn\">Mehr \u00bb<\/a>\n        \n        <\/div>        \n    <\/div>\n<\/div>                <\/div>    \n\n                \n        <\/section>\n        <\/div>\n        <style>#carousel-911 .slick-prev:before, #carousel-911 .slick-next:before { color: #ffffff !important;}#carousel-911 .slick-slide { margin: 2px 30px; } #carousel-911 .rpc-title { color: ; } #carousel-911 .rpc-content { color: ; } #carousel-911 .rpc-date { background-color: ; } #carousel-911 .rpc-date { color: #ffffff; } #carousel-911 .rpc-overlay { background-color: #ffffff; } #carousel-911 .carousel-style9 { border-top-color: #ffffff; } #carousel-911 .carousel-style9 .button:before { background-color: #ffffff; } #carousel-911 .rpc-box { box-shadow: -webkit-box-shadow: 0px 5px 10px 0px rgba(0,0,0,0.35); -moz-box-shadow: 0px 5px 10px 0px rgba(0,0,0,0.35); box-shadow: 0px 5px 10px 0px rgba(0,0,0,0.35);; } #carousel-911 .rpc-bg { background-color: #ffffff; } #carousel-911 .rpc-title-bg { background-color: #ffffff; } #carousel-911 .rpc-box { border: 5px solid #ffffff; } #carousel-911 .fixed-height-image { height: ; } #carousel-911 .style4 { padding: 10px; } #carousel-911 .style6 { padding: 10px; } #carousel-911 .carousel-style11:after { border-color: transparent transparent transparent #ffffff; } #carousel-911 figure.carousel-style18:after { background-color: #ffffff; } #carousel-911 .slick-next:before { content: '\\ \\f0a9 '; } #carousel-911 .slick-prev:before { content: '\\ \\f0a8'; }#carousel-911 .slick-next:before, #carousel-911 .slick-prev:before { background-color: #3d2a62; padding: 2px 5px; border-radius: 50%; } #carousel-911 .carousel-style12 figcaption:before { border-color: transparent transparent transparent #ffffff; } #carousel-911 .carousel-style14 figcaption:before { background-image: linear-gradient(to bottom, transparent 0%, #ffffff 100%); } #carousel-911 .carousel-style15 figcaption:before { border-color: transparent transparent transparent #ffffff; } #carousel-911 .rpc-title { font-family: ; } #carousel-911 .rpc-title { font-size: 21px; } #carousel-911 .rpc-content { font-family: ; } #carousel-911 .rpc-content { font-size: 16px; } <\/style>[\/vc_column_text][\/vc_column][\/vc_row][vc_row full_width=&#8220;stretch_row&#8220;][vc_column][vc_column_text]<\/p>\n<h2 class=\"vhf-titolo\">Trentino Guest Card<\/h2>\n<p>[\/vc_column_text][\/vc_column][vc_column width=&#8220;1\/3&#8243;][vc_single_image image=&#8220;1863&#8243; img_size=&#8220;large&#8220; alignment=&#8220;center&#8220;][\/vc_column][vc_column width=&#8220;2\/3&#8243;][vc_column_text css=&#8220;.vc_custom_1524461335819{margin-bottom: 30px !important;}&#8220;]Unsere G\u00e4ste haben Zugang zu zahlreichen Vorteilen.<\/p>\n<p>Mit der G\u00e4stekarte k\u00f6nnen Sie viele kulturelle und historische Sehensw\u00fcrdigkeiten kostenlos besichtigen, sich sorgenfrei in der Umgebung bewegen, Erm\u00e4\u00dfigungen bei Sport- und Freizeitaktivit\u00e4ten nutzen und vieles mehr![\/vc_column_text][vc_btn title=&#8220;Weitere Informationen \u00bb&#8220; style=&#8220;flat&#8220; shape=&#8220;square&#8220; color=&#8220;pink&#8220; align=&#8220;left&#8220; link=&#8220;url:https%3A%2F%2Fwww.hotelfloracomano.it%2Fde%2Fmotivationen-fuer-den-urlaub%2F|||&#8220;][\/vc_column][\/vc_row]<\/p>\n","protected":false},"excerpt":{"rendered":"<p>[vc_section][vc_row][vc_column][\/vc_column][\/vc_row][vc_row css=&#8220;.vc_custom_1520327050710{margin-bottom: 30px !important;}&#8220;][vc_column][vc_column_text] Warum sollte man den Urlaub im Vital Hotel Flora verbringen? [\/vc_column_text][vc_column_text el_class=&#8220;centrato&#8220;]Wir haben uns eine Philosophie zu eigen gemacht und schlagen daher einen Stil f\u00fcr Ihren Urlaub vor, bei dem sich alles um Wellness dreht. Hier genie\u00dfen Sie gesunde K\u00fcche und Spazierg\u00e4nge im Freien; Sie entdecken die Brentner Dolomiten und die<\/p>\n","protected":false},"author":1,"featured_media":2705,"parent":0,"menu_order":0,"comment_status":"closed","ping_status":"open","template":"tpl_home.php","meta":[],"acf":[],"_links":{"self":[{"href":"https:\/\/hotelfloracomano.it\/de\/wp-json\/wp\/v2\/pages\/725"}],"collection":[{"href":"https:\/\/hotelfloracomano.it\/de\/wp-json\/wp\/v2\/pages"}],"about":[{"href":"https:\/\/hotelfloracomano.it\/de\/wp-json\/wp\/v2\/types\/page"}],"author":[{"embeddable":true,"href":"https:\/\/hotelfloracomano.it\/de\/wp-json\/wp\/v2\/users\/1"}],"replies":[{"embeddable":true,"href":"https:\/\/hotelfloracomano.it\/de\/wp-json\/wp\/v2\/comments?post=725"}],"version-history":[{"count":24,"href":"https:\/\/hotelfloracomano.it\/de\/wp-json\/wp\/v2\/pages\/725\/revisions"}],"predecessor-version":[{"id":2639,"href":"https:\/\/hotelfloracomano.it\/de\/wp-json\/wp\/v2\/pages\/725\/revisions\/2639"}],"wp:featuredmedia":[{"embeddable":true,"href":"https:\/\/hotelfloracomano.it\/de\/wp-json\/wp\/v2\/media\/2705"}],"wp:attachment":[{"href":"https:\/\/hotelfloracomano.it\/de\/wp-json\/wp\/v2\/media?parent=725"}],"curies":[{"name":"wp","href":"https:\/\/api.w.org\/{rel}","templated":true}]}}