{"id":731,"date":"2018-03-13T16:20:14","date_gmt":"2018-03-13T15:20:14","guid":{"rendered":"https:\/\/www.hotelfloracomano.it\/camere-e-suite\/"},"modified":"2018-06-26T16:40:16","modified_gmt":"2018-06-26T14:40:16","slug":"zimmer-und-suiten","status":"publish","type":"page","link":"https:\/\/hotelfloracomano.it\/de\/zimmer-und-suiten\/","title":{"rendered":"ZIMMER UND SUITEN"},"content":{"rendered":"<p>[vc_row css=&#8220;.vc_custom_1521120747850{margin-bottom: 50px !important;}&#8220;][vc_column][vc_column_text]<\/p>\n<h2>WENN SIE AUF DER SUCHE NACH DER IDEALEN \u00dcBERNACHTUNGSM\u00d6GLICHKEIT IM VALLE SALUS IN COMANO TERME SIND, SIND SIE AUF DER RICHTIGEN WEBSITE<\/h2>\n<p>Unsere Zimmer und Suiten sind f\u00fcr Sie die Wiege der Entspannung.<\/p>\n<p>Bei der Wahl ihrer Namen haben wir an die Empfindungen gedacht, die sie hervorrufen, und an das \u201eVital-Konzept\u201c, das wir verbreiten m\u00f6chten.<\/p>\n<p>So kamen wir auf Relax, Nature, Life, Vital und Balance Rooms.<\/p>\n<p>W\u00e4hlen Sie den Typ, der Ihren Bed\u00fcrfnissen entspricht und genie\u00dfen Sie einen unvergesslichen Urlaub in einem Vital-Hotel zwischen den Brentner Dolomiten und dem Gardasee im Ferienort Comano Terme, wo guter Schlaf eine Quelle des Wohlbefindens ist.[\/vc_column_text][\/vc_column][\/vc_row]<\/p>\n","protected":false},"excerpt":{"rendered":"<p>[vc_row css=&#8220;.vc_custom_1521120747850{margin-bottom: 50px !important;}&#8220;][vc_column][vc_column_text] WENN SIE AUF DER SUCHE NACH DER IDEALEN \u00dcBERNACHTUNGSM\u00d6GLICHKEIT IM VALLE SALUS IN COMANO TERME SIND, SIND SIE AUF DER RICHTIGEN WEBSITE Unsere Zimmer und Suiten sind f\u00fcr Sie die Wiege der Entspannung. Bei der Wahl ihrer Namen haben wir an die Empfindungen gedacht, die sie hervorrufen, und an das \u201eVital-Konzept\u201c,<\/p>\n","protected":false},"author":1,"featured_media":2351,"parent":0,"menu_order":0,"comment_status":"closed","ping_status":"closed","template":"tpl_rooms.php","meta":[],"acf":[],"_links":{"self":[{"href":"https:\/\/hotelfloracomano.it\/de\/wp-json\/wp\/v2\/pages\/731"}],"collection":[{"href":"https:\/\/hotelfloracomano.it\/de\/wp-json\/wp\/v2\/pages"}],"about":[{"href":"https:\/\/hotelfloracomano.it\/de\/wp-json\/wp\/v2\/types\/page"}],"author":[{"embeddable":true,"href":"https:\/\/hotelfloracomano.it\/de\/wp-json\/wp\/v2\/users\/1"}],"replies":[{"embeddable":true,"href":"https:\/\/hotelfloracomano.it\/de\/wp-json\/wp\/v2\/comments?post=731"}],"version-history":[{"count":2,"href":"https:\/\/hotelfloracomano.it\/de\/wp-json\/wp\/v2\/pages\/731\/revisions"}],"predecessor-version":[{"id":732,"href":"https:\/\/hotelfloracomano.it\/de\/wp-json\/wp\/v2\/pages\/731\/revisions\/732"}],"wp:featuredmedia":[{"embeddable":true,"href":"https:\/\/hotelfloracomano.it\/de\/wp-json\/wp\/v2\/media\/2351"}],"wp:attachment":[{"href":"https:\/\/hotelfloracomano.it\/de\/wp-json\/wp\/v2\/media?parent=731"}],"curies":[{"name":"wp","href":"https:\/\/api.w.org\/{rel}","templated":true}]}}